{"id":88127,"date":"2026-08-25T13:49:43","date_gmt":"2026-08-25T11:49:43","guid":{"rendered":"https:\/\/energyear.com\/?page_id=88127"},"modified":"2026-08-31T17:09:47","modified_gmt":"2026-08-31T15:09:47","slug":"kit-y-notas-de-prensa","status":"publish","type":"page","link":"https:\/\/energyear.com\/pt\/kit-y-notas-de-prensa\/","title":{"rendered":"Imprensa"},"content":{"rendered":"\t\t<div data-elementor-type=\"wp-page\" data-elementor-id=\"88127\" class=\"elementor elementor-88127\" data-elementor-post-type=\"page\">\n\t\t\t\t<div class=\"elementor-element elementor-element-88ea261 e-con-full e-flex e-con e-parent\" data-id=\"88ea261\" data-element_type=\"container\" data-e-type=\"container\" data-settings=\"{&quot;background_background&quot;:&quot;classic&quot;,&quot;background_motion_fx_motion_fx_scrolling&quot;:&quot;yes&quot;,&quot;background_motion_fx_translateY_effect&quot;:&quot;yes&quot;,&quot;background_motion_fx_translateY_direction&quot;:&quot;negative&quot;,&quot;background_motion_fx_translateY_speed&quot;:{&quot;unit&quot;:&quot;px&quot;,&quot;size&quot;:5,&quot;sizes&quot;:[]},&quot;jet_parallax_layout_list&quot;:[],&quot;background_motion_fx_translateY_affectedRange&quot;:{&quot;unit&quot;:&quot;%&quot;,&quot;size&quot;:&quot;&quot;,&quot;sizes&quot;:{&quot;start&quot;:0,&quot;end&quot;:100}},&quot;background_motion_fx_devices&quot;:[&quot;desktop&quot;,&quot;tablet&quot;,&quot;mobile&quot;]}\">\n\t\t\t\t<div class=\"elementor-element elementor-element-1463b45 elementor-widget elementor-widget-heading\" data-id=\"1463b45\" data-element_type=\"widget\" data-e-type=\"widget\" data-widget_type=\"heading.default\">\n\t\t\t\t\t<h1 class=\"elementor-heading-title elementor-size-default\">PRENSA<\/h1>\t\t\t\t<\/div>\n\t\t\t\t<\/div>\n\t\t<div class=\"elementor-element elementor-element-546fb81 e-flex e-con-boxed e-con e-parent\" data-id=\"546fb81\" data-element_type=\"container\" data-e-type=\"container\" data-settings=\"{&quot;jet_parallax_layout_list&quot;:[]}\">\n\t\t\t\t\t<div class=\"e-con-inner\">\n\t\t\t\t<div class=\"elementor-element elementor-element-80e98d5 elementor-widget elementor-widget-text-editor\" data-id=\"80e98d5\" data-element_type=\"widget\" data-e-type=\"widget\" data-widget_type=\"text-editor.default\">\n\t\t\t\t\t\t\t\t\t<p class=\"isSelectedEnd\" style=\"text-align: justify;\">Bienvenido al espacio de prensa de Energyear, la plataforma internacional de referencia para profesionales del sector energ\u00e9tico y las energ\u00edas renovables. Desde 2013, Energyear conecta a empresas, inversores, desarrolladores, fabricantes, utilities, instituciones y l\u00edderes de la industria a trav\u00e9s de congresos y eventos celebrados en Europa, Latinoam\u00e9rica y Asia-Pac\u00edfico.<\/p><p class=\"isSelectedEnd\" style=\"text-align: justify;\">En esta secci\u00f3n encontrar\u00e1s nuestros \u00faltimos comunicados, notas de prensa, informaci\u00f3n corporativa y recursos oficiales sobre el Energyear Tour, nuestros eventos y las principales iniciativas que impulsamos para contribuir al desarrollo y la transformaci\u00f3n del sector energ\u00e9tico.<\/p><p class=\"isSelectedEnd\" style=\"text-align: justify;\">Ponemos a disposici\u00f3n de medios de comunicaci\u00f3n y profesionales de la prensa los materiales necesarios para conocer mejor Energyear y seguir de cerca nuestra actividad en \u00e1mbitos como las energ\u00edas renovables, el almacenamiento, el autoconsumo, la movilidad, el hidr\u00f3geno, la digitalizaci\u00f3n, los datacenters y la innovaci\u00f3n.<\/p>\t\t\t\t\t\t\t\t<\/div>\n\t\t\t\t\t<\/div>\n\t\t\t\t<\/div>\n\t\t<div class=\"elementor-element elementor-element-9b1a20b e-flex e-con-boxed e-con e-parent\" data-id=\"9b1a20b\" data-element_type=\"container\" data-e-type=\"container\" data-settings=\"{&quot;jet_parallax_layout_list&quot;:[]}\">\n\t\t\t\t\t<div class=\"e-con-inner\">\n\t\t<div class=\"elementor-element elementor-element-1b5ea5b e-con-full e-flex elementor-invisible e-con e-child\" data-id=\"1b5ea5b\" data-element_type=\"container\" data-e-type=\"container\" data-settings=\"{&quot;jet_parallax_layout_list&quot;:[],&quot;animation&quot;:&quot;fadeInLeft&quot;}\">\n\t\t\t\t<div class=\"elementor-element elementor-element-e4ab3c3 elementor-widget elementor-widget-text-editor\" data-id=\"e4ab3c3\" data-element_type=\"widget\" data-e-type=\"widget\" data-widget_type=\"text-editor.default\">\n\t\t\t\t\t\t\t\t\t<h2 class=\"isSelectedEnd\" style=\"text-align: center;\"><strong>\u00daltimas Notas de Prensa<\/strong><\/h2>\t\t\t\t\t\t\t\t<\/div>\n\t\t\t\t<div class=\"elementor-element elementor-element-ae3b80f elementor-grid-1 elementor-posts--thumbnail-right elementor-hidden-tablet elementor-hidden-mobile elementor-grid-tablet-2 elementor-grid-mobile-1 elementor-widget elementor-widget-posts\" data-id=\"ae3b80f\" data-element_type=\"widget\" data-e-type=\"widget\" data-settings=\"{&quot;classic_columns&quot;:&quot;1&quot;,&quot;classic_columns_tablet&quot;:&quot;2&quot;,&quot;classic_columns_mobile&quot;:&quot;1&quot;,&quot;classic_row_gap&quot;:{&quot;unit&quot;:&quot;px&quot;,&quot;size&quot;:35,&quot;sizes&quot;:[]},&quot;classic_row_gap_tablet&quot;:{&quot;unit&quot;:&quot;px&quot;,&quot;size&quot;:&quot;&quot;,&quot;sizes&quot;:[]},&quot;classic_row_gap_mobile&quot;:{&quot;unit&quot;:&quot;px&quot;,&quot;size&quot;:&quot;&quot;,&quot;sizes&quot;:[]}}\" data-widget_type=\"posts.classic\">\n\t\t\t\t<div class=\"elementor-widget-container\">\n\t\t\t\t\t\t\t<div class=\"elementor-posts-container elementor-posts elementor-posts--skin-classic elementor-grid\" role=\"list\">\n\t\t\t\t<article class=\"elementor-post elementor-grid-item post-88435 post type-post status-publish format-standard has-post-thumbnail hentry category-notas-de-prensa tag-argentina tag-latam\" role=\"listitem\">\n\t\t\t\t<a class=\"elementor-post__thumbnail__link\" href=\"https:\/\/energyear.com\/pt\/notas-de-prensa\/principales-actores-sector-energetico-reunen-futuro-renovable-argentina\/\" tabindex=\"-1\" >\n\t\t\t<div class=\"elementor-post__thumbnail\"><img loading=\"lazy\" decoding=\"async\" width=\"2048\" height=\"1367\" src=\"https:\/\/energyear.com\/wp-content\/uploads\/2026\/08\/Principales-actores-del-sector-energetico-se-reunen-para-debatir-el-futuro-renovable-de-Argentina.jpg\" class=\"attachment-full size-full wp-image-88436\" alt=\"Principales actores del sector energ\u00e9tico se re\u00fanen para debatir el futuro renovable de Argentina\" srcset=\"https:\/\/energyear.com\/wp-content\/uploads\/2026\/08\/Principales-actores-del-sector-energetico-se-reunen-para-debatir-el-futuro-renovable-de-Argentina.jpg 2048w, https:\/\/energyear.com\/wp-content\/uploads\/2026\/08\/Principales-actores-del-sector-energetico-se-reunen-para-debatir-el-futuro-renovable-de-Argentina-300x200.jpg 300w, https:\/\/energyear.com\/wp-content\/uploads\/2026\/08\/Principales-actores-del-sector-energetico-se-reunen-para-debatir-el-futuro-renovable-de-Argentina-1024x684.jpg 1024w, https:\/\/energyear.com\/wp-content\/uploads\/2026\/08\/Principales-actores-del-sector-energetico-se-reunen-para-debatir-el-futuro-renovable-de-Argentina-768x513.jpg 768w, https:\/\/energyear.com\/wp-content\/uploads\/2026\/08\/Principales-actores-del-sector-energetico-se-reunen-para-debatir-el-futuro-renovable-de-Argentina-1536x1025.jpg 1536w, https:\/\/energyear.com\/wp-content\/uploads\/2026\/08\/Principales-actores-del-sector-energetico-se-reunen-para-debatir-el-futuro-renovable-de-Argentina-600x400.jpg 600w, https:\/\/energyear.com\/wp-content\/uploads\/2026\/08\/Principales-actores-del-sector-energetico-se-reunen-para-debatir-el-futuro-renovable-de-Argentina-66x43.jpg 66w\" sizes=\"auto, (max-width: 2048px) 100vw, 2048px\" \/><\/div>\n\t\t<\/a>\n\t\t\t\t<div class=\"elementor-post__text\">\n\t\t\t\t<h3 class=\"elementor-post__title\">\n\t\t\t<a href=\"https:\/\/energyear.com\/pt\/notas-de-prensa\/principales-actores-sector-energetico-reunen-futuro-renovable-argentina\/\" >\n\t\t\t\tPrincipales actores del sector energ\u00e9tico se re\u00fanen para debatir el futuro renovable de Argentina\t\t\t<\/a>\n\t\t<\/h3>\n\t\t\t\t<div class=\"elementor-post__excerpt\">\n\t\t\t<p>Buenos Aires, 1 de septiembre de 2026. Argentina afronta una etapa clave para la evoluci\u00f3n de su sistema energ\u00e9tico. Energyear Argentina reunir\u00e1 a diferentes representantes del sector en Buenos Aires.<\/p>\n\t\t<\/div>\n\t\t\n\t\t<a class=\"elementor-post__read-more\" href=\"https:\/\/energyear.com\/pt\/notas-de-prensa\/principales-actores-sector-energetico-reunen-futuro-renovable-argentina\/\" aria-label=\"Read more about Principales actores del sector energ\u00e9tico se re\u00fanen para debatir el futuro renovable de Argentina\" tabindex=\"-1\" >\n\t\t\tLeer m\u00e1s \u00bb\t\t<\/a>\n\n\t\t\t\t<\/div>\n\t\t\t\t<\/article>\n\t\t\t\t<article class=\"elementor-post elementor-grid-item post-88138 post type-post status-publish format-standard has-post-thumbnail hentry category-notas-de-prensa tag-europa tag-italia\" role=\"listitem\">\n\t\t\t\t<a class=\"elementor-post__thumbnail__link\" href=\"https:\/\/energyear.com\/pt\/notas-de-prensa\/milan-reunira-1200-profesionales-transicion-energetica-italia-2026\/\" tabindex=\"-1\" >\n\t\t\t<div class=\"elementor-post__thumbnail\"><img loading=\"lazy\" decoding=\"async\" width=\"2560\" height=\"1707\" src=\"https:\/\/energyear.com\/wp-content\/uploads\/2026\/08\/PS82518-scaled.jpg\" class=\"attachment-full size-full wp-image-88139\" alt=\"Mil\u00e1n reunir\u00e1 a m\u00e1s de 1.200 profesionales para analizar los retos de la transici\u00f3n energ\u00e9tica y las renovables en Italia\" srcset=\"https:\/\/energyear.com\/wp-content\/uploads\/2026\/08\/PS82518-scaled.jpg 2560w, https:\/\/energyear.com\/wp-content\/uploads\/2026\/08\/PS82518-300x200.jpg 300w, https:\/\/energyear.com\/wp-content\/uploads\/2026\/08\/PS82518-1024x683.jpg 1024w, https:\/\/energyear.com\/wp-content\/uploads\/2026\/08\/PS82518-768x512.jpg 768w, https:\/\/energyear.com\/wp-content\/uploads\/2026\/08\/PS82518-1536x1024.jpg 1536w, https:\/\/energyear.com\/wp-content\/uploads\/2026\/08\/PS82518-2048x1366.jpg 2048w, https:\/\/energyear.com\/wp-content\/uploads\/2026\/08\/PS82518-600x400.jpg 600w, https:\/\/energyear.com\/wp-content\/uploads\/2026\/08\/PS82518-66x43.jpg 66w\" sizes=\"auto, (max-width: 2560px) 100vw, 2560px\" \/><\/div>\n\t\t<\/a>\n\t\t\t\t<div class=\"elementor-post__text\">\n\t\t\t\t<h3 class=\"elementor-post__title\">\n\t\t\t<a href=\"https:\/\/energyear.com\/pt\/notas-de-prensa\/milan-reunira-1200-profesionales-transicion-energetica-italia-2026\/\" >\n\t\t\t\tMil\u00e1n reunir\u00e1 a m\u00e1s de 1.200 profesionales para analizar los retos de la transici\u00f3n energ\u00e9tica y las renovables en Italia\t\t\t<\/a>\n\t\t<\/h3>\n\t\t\t\t<div class=\"elementor-post__excerpt\">\n\t\t\t<p>Madrid, 21 de julio de 2026. La sexta edici\u00f3n de Energyear Italy tendr\u00e1 lugar del 13 al 15 de octubre en el UNA HOTELS Expo Fiera Milano, y reunir\u00e1 a m\u00e1s de 1.200 asistentes, 100 socios, 120 ponentes y m\u00e1s de 20 sesiones de conferencias.<\/p>\n\t\t<\/div>\n\t\t\n\t\t<a class=\"elementor-post__read-more\" href=\"https:\/\/energyear.com\/pt\/notas-de-prensa\/milan-reunira-1200-profesionales-transicion-energetica-italia-2026\/\" aria-label=\"Read more about Mil\u00e1n reunir\u00e1 a m\u00e1s de 1.200 profesionales para analizar los retos de la transici\u00f3n energ\u00e9tica y las renovables en Italia\" tabindex=\"-1\" >\n\t\t\tLeer m\u00e1s \u00bb\t\t<\/a>\n\n\t\t\t\t<\/div>\n\t\t\t\t<\/article>\n\t\t\t\t<\/div>\n\t\t\n\t\t\t\t\t\t<\/div>\n\t\t\t\t<\/div>\n\t\t\t\t<div class=\"elementor-element elementor-element-0e2a120 elementor-grid-1 elementor-hidden-desktop elementor-grid-tablet-2 elementor-grid-mobile-1 elementor-posts--thumbnail-top elementor-invisible elementor-widget elementor-widget-posts\" data-id=\"0e2a120\" data-element_type=\"widget\" data-e-type=\"widget\" data-settings=\"{&quot;classic_columns&quot;:&quot;1&quot;,&quot;_animation&quot;:&quot;fadeIn&quot;,&quot;classic_columns_tablet&quot;:&quot;2&quot;,&quot;classic_columns_mobile&quot;:&quot;1&quot;,&quot;classic_row_gap&quot;:{&quot;unit&quot;:&quot;px&quot;,&quot;size&quot;:35,&quot;sizes&quot;:[]},&quot;classic_row_gap_tablet&quot;:{&quot;unit&quot;:&quot;px&quot;,&quot;size&quot;:&quot;&quot;,&quot;sizes&quot;:[]},&quot;classic_row_gap_mobile&quot;:{&quot;unit&quot;:&quot;px&quot;,&quot;size&quot;:&quot;&quot;,&quot;sizes&quot;:[]}}\" data-widget_type=\"posts.classic\">\n\t\t\t\t<div class=\"elementor-widget-container\">\n\t\t\t\t\t\t\t<div class=\"elementor-posts-container elementor-posts elementor-posts--skin-classic elementor-grid\" role=\"list\">\n\t\t\t\t<article class=\"elementor-post elementor-grid-item post-88138 post type-post status-publish format-standard has-post-thumbnail hentry category-notas-de-prensa tag-europa tag-italia\" role=\"listitem\">\n\t\t\t\t<a class=\"elementor-post__thumbnail__link\" href=\"https:\/\/energyear.com\/pt\/notas-de-prensa\/milan-reunira-1200-profesionales-transicion-energetica-italia-2026\/\" tabindex=\"-1\" >\n\t\t\t<div class=\"elementor-post__thumbnail\"><img loading=\"lazy\" decoding=\"async\" width=\"2560\" height=\"1707\" src=\"https:\/\/energyear.com\/wp-content\/uploads\/2026\/08\/PS82518-scaled.jpg\" class=\"attachment-full size-full wp-image-88139\" alt=\"Mil\u00e1n reunir\u00e1 a m\u00e1s de 1.200 profesionales para analizar los retos de la transici\u00f3n energ\u00e9tica y las renovables en Italia\" srcset=\"https:\/\/energyear.com\/wp-content\/uploads\/2026\/08\/PS82518-scaled.jpg 2560w, https:\/\/energyear.com\/wp-content\/uploads\/2026\/08\/PS82518-300x200.jpg 300w, https:\/\/energyear.com\/wp-content\/uploads\/2026\/08\/PS82518-1024x683.jpg 1024w, https:\/\/energyear.com\/wp-content\/uploads\/2026\/08\/PS82518-768x512.jpg 768w, https:\/\/energyear.com\/wp-content\/uploads\/2026\/08\/PS82518-1536x1024.jpg 1536w, https:\/\/energyear.com\/wp-content\/uploads\/2026\/08\/PS82518-2048x1366.jpg 2048w, https:\/\/energyear.com\/wp-content\/uploads\/2026\/08\/PS82518-600x400.jpg 600w, https:\/\/energyear.com\/wp-content\/uploads\/2026\/08\/PS82518-66x43.jpg 66w\" sizes=\"auto, (max-width: 2560px) 100vw, 2560px\" \/><\/div>\n\t\t<\/a>\n\t\t\t\t<div class=\"elementor-post__text\">\n\t\t\t\t<h3 class=\"elementor-post__title\">\n\t\t\t<a href=\"https:\/\/energyear.com\/pt\/notas-de-prensa\/milan-reunira-1200-profesionales-transicion-energetica-italia-2026\/\" >\n\t\t\t\tMil\u00e1n reunir\u00e1 a m\u00e1s de 1.200 profesionales para analizar los retos de la transici\u00f3n energ\u00e9tica y las renovables en Italia\t\t\t<\/a>\n\t\t<\/h3>\n\t\t\t\t<div class=\"elementor-post__excerpt\">\n\t\t\t<p>Madrid, 21 de julio de 2026. La sexta edici\u00f3n de Energyear Italy tendr\u00e1 lugar del 13 al 15 de octubre en el UNA HOTELS Expo Fiera Milano, y reunir\u00e1 a\t\t<\/div>\n\t\t\n\t\t<a class=\"elementor-post__read-more\" href=\"https:\/\/energyear.com\/pt\/notas-de-prensa\/milan-reunira-1200-profesionales-transicion-energetica-italia-2026\/\" aria-label=\"Read more about Mil\u00e1n reunir\u00e1 a m\u00e1s de 1.200 profesionales para analizar los retos de la transici\u00f3n energ\u00e9tica y las renovables en Italia\" tabindex=\"-1\" >\n\t\t\tLeer m\u00e1s \u00bb\t\t<\/a>\n\n\t\t\t\t<\/div>\n\t\t\t\t<\/article>\n\t\t\t\t<article class=\"elementor-post elementor-grid-item post-88435 post type-post status-publish format-standard has-post-thumbnail hentry category-notas-de-prensa tag-argentina tag-latam\" role=\"listitem\">\n\t\t\t\t<a class=\"elementor-post__thumbnail__link\" href=\"https:\/\/energyear.com\/pt\/notas-de-prensa\/principales-actores-sector-energetico-reunen-futuro-renovable-argentina\/\" tabindex=\"-1\" >\n\t\t\t<div class=\"elementor-post__thumbnail\"><img loading=\"lazy\" decoding=\"async\" width=\"2048\" height=\"1367\" src=\"https:\/\/energyear.com\/wp-content\/uploads\/2026\/08\/Principales-actores-del-sector-energetico-se-reunen-para-debatir-el-futuro-renovable-de-Argentina.jpg\" class=\"attachment-full size-full wp-image-88436\" alt=\"Principales actores del sector energ\u00e9tico se re\u00fanen para debatir el futuro renovable de Argentina\" srcset=\"https:\/\/energyear.com\/wp-content\/uploads\/2026\/08\/Principales-actores-del-sector-energetico-se-reunen-para-debatir-el-futuro-renovable-de-Argentina.jpg 2048w, https:\/\/energyear.com\/wp-content\/uploads\/2026\/08\/Principales-actores-del-sector-energetico-se-reunen-para-debatir-el-futuro-renovable-de-Argentina-300x200.jpg 300w, https:\/\/energyear.com\/wp-content\/uploads\/2026\/08\/Principales-actores-del-sector-energetico-se-reunen-para-debatir-el-futuro-renovable-de-Argentina-1024x684.jpg 1024w, https:\/\/energyear.com\/wp-content\/uploads\/2026\/08\/Principales-actores-del-sector-energetico-se-reunen-para-debatir-el-futuro-renovable-de-Argentina-768x513.jpg 768w, https:\/\/energyear.com\/wp-content\/uploads\/2026\/08\/Principales-actores-del-sector-energetico-se-reunen-para-debatir-el-futuro-renovable-de-Argentina-1536x1025.jpg 1536w, https:\/\/energyear.com\/wp-content\/uploads\/2026\/08\/Principales-actores-del-sector-energetico-se-reunen-para-debatir-el-futuro-renovable-de-Argentina-600x400.jpg 600w, https:\/\/energyear.com\/wp-content\/uploads\/2026\/08\/Principales-actores-del-sector-energetico-se-reunen-para-debatir-el-futuro-renovable-de-Argentina-66x43.jpg 66w\" sizes=\"auto, (max-width: 2048px) 100vw, 2048px\" \/><\/div>\n\t\t<\/a>\n\t\t\t\t<div class=\"elementor-post__text\">\n\t\t\t\t<h3 class=\"elementor-post__title\">\n\t\t\t<a href=\"https:\/\/energyear.com\/pt\/notas-de-prensa\/principales-actores-sector-energetico-reunen-futuro-renovable-argentina\/\" >\n\t\t\t\tPrincipales actores del sector energ\u00e9tico se re\u00fanen para debatir el futuro renovable de Argentina\t\t\t<\/a>\n\t\t<\/h3>\n\t\t\t\t<div class=\"elementor-post__excerpt\">\n\t\t\t<p>Buenos Aires, 1 de septiembre de 2026. Argentina afronta una etapa clave para la evoluci\u00f3n de su sistema energ\u00e9tico. Energyear Argentina reunir\u00e1 a diferentes representantes del sector en Buenos Aires.<\/p>\t\t<\/div>\n\t\t\n\t\t<a class=\"elementor-post__read-more\" href=\"https:\/\/energyear.com\/pt\/notas-de-prensa\/principales-actores-sector-energetico-reunen-futuro-renovable-argentina\/\" aria-label=\"Read more about Principales actores del sector energ\u00e9tico se re\u00fanen para debatir el futuro renovable de Argentina\" tabindex=\"-1\" >\n\t\t\tLeer m\u00e1s \u00bb\t\t<\/a>\n\n\t\t\t\t<\/div>\n\t\t\t\t<\/article>\n\t\t\t\t<\/div>\n\t\t\n\t\t\t\t\t\t<\/div>\n\t\t\t\t<\/div>\n\t\t\t\t<\/div>\n\t\t<div class=\"elementor-element elementor-element-145f5e9 e-con-full e-flex elementor-invisible e-con e-child\" data-id=\"145f5e9\" data-element_type=\"container\" data-e-type=\"container\" data-settings=\"{&quot;jet_parallax_layout_list&quot;:[],&quot;animation&quot;:&quot;fadeInRight&quot;,&quot;animation_mobile&quot;:&quot;fadeInUp&quot;}\">\n\t\t\t\t<div class=\"elementor-element elementor-element-0662877 elementor-widget elementor-widget-text-editor\" data-id=\"0662877\" data-element_type=\"widget\" data-e-type=\"widget\" data-widget_type=\"text-editor.default\">\n\t\t\t\t\t\t\t\t\t<h2 class=\"isSelectedEnd\" style=\"text-align: center;\"><strong>Kit de prensa y media partnership<\/strong><\/h2>\t\t\t\t\t\t\t\t<\/div>\n\t\t\t\t<div class=\"elementor-element elementor-element-949d16d elementor-widget__width-initial elementor-widget elementor-widget-text-editor\" data-id=\"949d16d\" data-element_type=\"widget\" data-e-type=\"widget\" data-widget_type=\"text-editor.default\">\n\t\t\t\t\t\t\t\t\t<p class=\"isSelectedEnd\" style=\"text-align: justify;\">Descarga todos los recursos informativos y visuales disponibles para medios y prensa. Puedes encontrar:\u00a0 historia, misi\u00f3n, visi\u00f3n, valores, datos clave de Energyear as\u00ed como detalles claros sobre los productos o servicios principales.<\/p>\t\t\t\t\t\t\t\t<\/div>\n\t\t\t\t<div class=\"elementor-element elementor-element-a00c40f elementor-align-center elementor-button-info elementor-widget elementor-widget-button\" data-id=\"a00c40f\" data-element_type=\"widget\" data-e-type=\"widget\" data-settings=\"{&quot;_animation&quot;:&quot;none&quot;}\" data-widget_type=\"button.default\">\n\t\t\t\t\t\t\t\t\t\t<a class=\"elementor-button elementor-button-link elementor-size-lg\" href=\"https:\/\/energyear.com\/wp-content\/uploads\/2026\/08\/Energyear_Kit_de_Prensa_2026.pdf\" target=\"_blank\">\n\t\t\t\t\t\t<span class=\"elementor-button-content-wrapper\">\n\t\t\t\t\t\t\t\t\t<span class=\"elementor-button-text\">Descargar Kit para prensa<\/span>\n\t\t\t\t\t<\/span>\n\t\t\t\t\t<\/a>\n\t\t\t\t\t\t\t\t<\/div>\n\t\t\t\t<div class=\"elementor-element elementor-element-3ee1834 elementor-widget elementor-widget-text-editor\" data-id=\"3ee1834\" data-element_type=\"widget\" data-e-type=\"widget\" data-widget_type=\"text-editor.default\">\n\t\t\t\t\t\t\t\t\t<h4 class=\"isSelectedEnd\" style=\"text-align: center;\"><strong>Convi\u00e9rtete en media partner<\/strong><\/h4>\t\t\t\t\t\t\t\t<\/div>\n\t\t\t\t<div class=\"elementor-element elementor-element-bb3251f elementor-widget__width-initial elementor-widget elementor-widget-text-editor\" data-id=\"bb3251f\" data-element_type=\"widget\" data-e-type=\"widget\" data-widget_type=\"text-editor.default\">\n\t\t\t\t\t\t\t\t\t<p class=\"isSelectedEnd\" style=\"text-align: justify;\">Acompa\u00f1anos en nuestros eventos de Europa, Am\u00e9rica o \u00c1sia y consigue ventajas y contenidos para tu medio.<\/p>\t\t\t\t\t\t\t\t<\/div>\n\t\t\t\t<div class=\"elementor-element elementor-element-2cbbeb1 elementor-align-center elementor-button-info elementor-widget elementor-widget-button\" data-id=\"2cbbeb1\" data-element_type=\"widget\" data-e-type=\"widget\" data-settings=\"{&quot;_animation&quot;:&quot;none&quot;}\" data-widget_type=\"button.default\">\n\t\t\t\t\t\t\t\t\t\t<a class=\"elementor-button elementor-button-link elementor-size-lg\" href=\"mailto:luis@energyear.com\" target=\"_blank\">\n\t\t\t\t\t\t<span class=\"elementor-button-content-wrapper\">\n\t\t\t\t\t\t\t\t\t<span class=\"elementor-button-text\">Contactar para ser media partner<\/span>\n\t\t\t\t\t<\/span>\n\t\t\t\t\t<\/a>\n\t\t\t\t\t\t\t\t<\/div>\n\t\t\t\t<div class=\"elementor-element elementor-element-9a4ee04 elementor-widget elementor-widget-image\" data-id=\"9a4ee04\" data-element_type=\"widget\" data-e-type=\"widget\" data-widget_type=\"image.default\">\n\t\t\t\t\t\t\t\t\t\t\t\t\t\t\t\t<a href=\"mailto:luis@energyear.com\" target=\"_blank\">\n\t\t\t\t\t\t\t<img loading=\"lazy\" decoding=\"async\" width=\"150\" height=\"150\" src=\"https:\/\/energyear.com\/wp-content\/uploads\/2026\/02\/Luis-150x150.jpg\" class=\"attachment-thumbnail size-thumbnail wp-image-77160\" alt=\"\" srcset=\"https:\/\/energyear.com\/wp-content\/uploads\/2026\/02\/Luis-150x150.jpg 150w, https:\/\/energyear.com\/wp-content\/uploads\/2026\/02\/Luis-300x300.jpg 300w, https:\/\/energyear.com\/wp-content\/uploads\/2026\/02\/Luis-768x768.jpg 768w, https:\/\/energyear.com\/wp-content\/uploads\/2026\/02\/Luis-600x600.jpg 600w, https:\/\/energyear.com\/wp-content\/uploads\/2026\/02\/Luis-100x100.jpg 100w, https:\/\/energyear.com\/wp-content\/uploads\/2026\/02\/Luis.jpg 1000w\" sizes=\"auto, (max-width: 150px) 100vw, 150px\" \/>\t\t\t\t\t\t\t\t<\/a>\n\t\t\t\t\t\t\t\t\t\t\t\t\t\t\t<\/div>\n\t\t\t\t<div class=\"elementor-element elementor-element-779e0cc elementor-widget__width-initial elementor-widget elementor-widget-text-editor\" data-id=\"779e0cc\" data-element_type=\"widget\" data-e-type=\"widget\" data-widget_type=\"text-editor.default\">\n\t\t\t\t\t\t\t\t\t<p>Luis Monta\u00f1o | Mkt &amp; Coms<br \/><a href=\"mailto:luis@energyear.com\" target=\"_blank\" rel=\"noopener\" data-wplink-edit=\"true\">luis@energyear.com<\/a><br \/>+34 618 56 12 11<\/p>\t\t\t\t\t\t\t\t<\/div>\n\t\t\t\t<\/div>\n\t\t\t\t\t<\/div>\n\t\t\t\t<\/div>\n\t\t<div class=\"elementor-element elementor-element-777f072 elementor-hidden-desktop elementor-hidden-tablet elementor-hidden-mobile e-flex e-con-boxed e-con e-parent\" data-id=\"777f072\" data-element_type=\"container\" data-e-type=\"container\" data-settings=\"{&quot;jet_parallax_layout_list&quot;:[]}\">\n\t\t\t\t\t<div class=\"e-con-inner\">\n\t\t\t\t<div class=\"elementor-element elementor-element-ae28bf9 elementor-widget elementor-widget-text-editor\" data-id=\"ae28bf9\" data-element_type=\"widget\" data-e-type=\"widget\" data-widget_type=\"text-editor.default\">\n\t\t\t\t\t\t\t\t\t<h2 class=\"isSelectedEnd\" style=\"text-align: center;\"><strong>Otras Notas de Prensa<\/strong><\/h2>\t\t\t\t\t\t\t\t<\/div>\n\t\t\t\t<div class=\"elementor-element elementor-element-ffe09c0 elementor-grid-1 elementor-grid-tablet-2 elementor-grid-mobile-1 elementor-posts--thumbnail-top elementor-widget elementor-widget-posts\" data-id=\"ffe09c0\" data-element_type=\"widget\" data-e-type=\"widget\" data-settings=\"{&quot;classic_columns&quot;:&quot;1&quot;,&quot;classic_columns_tablet&quot;:&quot;2&quot;,&quot;classic_columns_mobile&quot;:&quot;1&quot;,&quot;classic_row_gap&quot;:{&quot;unit&quot;:&quot;px&quot;,&quot;size&quot;:35,&quot;sizes&quot;:[]},&quot;classic_row_gap_tablet&quot;:{&quot;unit&quot;:&quot;px&quot;,&quot;size&quot;:&quot;&quot;,&quot;sizes&quot;:[]},&quot;classic_row_gap_mobile&quot;:{&quot;unit&quot;:&quot;px&quot;,&quot;size&quot;:&quot;&quot;,&quot;sizes&quot;:[]}}\" data-widget_type=\"posts.classic\">\n\t\t\t\t<div class=\"elementor-widget-container\">\n\t\t\t\t\t\t\t<div class=\"elementor-posts-container elementor-posts elementor-posts--skin-classic elementor-grid\" role=\"list\">\n\t\t\t\t<article class=\"elementor-post elementor-grid-item post-88138 post type-post status-publish format-standard has-post-thumbnail hentry category-notas-de-prensa tag-europa tag-italia\" role=\"listitem\">\n\t\t\t\t<a class=\"elementor-post__thumbnail__link\" href=\"https:\/\/energyear.com\/pt\/notas-de-prensa\/milan-reunira-1200-profesionales-transicion-energetica-italia-2026\/\" tabindex=\"-1\" >\n\t\t\t<div class=\"elementor-post__thumbnail\"><img loading=\"lazy\" decoding=\"async\" width=\"2560\" height=\"1707\" src=\"https:\/\/energyear.com\/wp-content\/uploads\/2026\/08\/PS82518-scaled.jpg\" class=\"attachment-full size-full wp-image-88139\" alt=\"Mil\u00e1n reunir\u00e1 a m\u00e1s de 1.200 profesionales para analizar los retos de la transici\u00f3n energ\u00e9tica y las renovables en Italia\" srcset=\"https:\/\/energyear.com\/wp-content\/uploads\/2026\/08\/PS82518-scaled.jpg 2560w, https:\/\/energyear.com\/wp-content\/uploads\/2026\/08\/PS82518-300x200.jpg 300w, https:\/\/energyear.com\/wp-content\/uploads\/2026\/08\/PS82518-1024x683.jpg 1024w, https:\/\/energyear.com\/wp-content\/uploads\/2026\/08\/PS82518-768x512.jpg 768w, https:\/\/energyear.com\/wp-content\/uploads\/2026\/08\/PS82518-1536x1024.jpg 1536w, https:\/\/energyear.com\/wp-content\/uploads\/2026\/08\/PS82518-2048x1366.jpg 2048w, https:\/\/energyear.com\/wp-content\/uploads\/2026\/08\/PS82518-600x400.jpg 600w, https:\/\/energyear.com\/wp-content\/uploads\/2026\/08\/PS82518-66x43.jpg 66w\" sizes=\"auto, (max-width: 2560px) 100vw, 2560px\" \/><\/div>\n\t\t<\/a>\n\t\t\t\t<div class=\"elementor-post__text\">\n\t\t\t\t<h3 class=\"elementor-post__title\">\n\t\t\t<a href=\"https:\/\/energyear.com\/pt\/notas-de-prensa\/milan-reunira-1200-profesionales-transicion-energetica-italia-2026\/\" >\n\t\t\t\tMil\u00e1n reunir\u00e1 a m\u00e1s de 1.200 profesionales para analizar los retos de la transici\u00f3n energ\u00e9tica y las renovables en Italia\t\t\t<\/a>\n\t\t<\/h3>\n\t\t\t\t<div class=\"elementor-post__excerpt\">\n\t\t\t<p>Madrid, 21 de julio de 2026. La sexta edici\u00f3n de Energyear Italy tendr\u00e1 lugar del 13 al 15 de octubre en el UNA HOTELS Expo Fiera Milano, y reunir\u00e1 a\t\t<\/div>\n\t\t\n\t\t<a class=\"elementor-post__read-more\" href=\"https:\/\/energyear.com\/pt\/notas-de-prensa\/milan-reunira-1200-profesionales-transicion-energetica-italia-2026\/\" aria-label=\"Read more about Mil\u00e1n reunir\u00e1 a m\u00e1s de 1.200 profesionales para analizar los retos de la transici\u00f3n energ\u00e9tica y las renovables en Italia\" tabindex=\"-1\" >\n\t\t\tLeer m\u00e1s \u00bb\t\t<\/a>\n\n\t\t\t\t<\/div>\n\t\t\t\t<\/article>\n\t\t\t\t<article class=\"elementor-post elementor-grid-item post-88435 post type-post status-publish format-standard has-post-thumbnail hentry category-notas-de-prensa tag-argentina tag-latam\" role=\"listitem\">\n\t\t\t\t<a class=\"elementor-post__thumbnail__link\" href=\"https:\/\/energyear.com\/pt\/notas-de-prensa\/principales-actores-sector-energetico-reunen-futuro-renovable-argentina\/\" tabindex=\"-1\" >\n\t\t\t<div class=\"elementor-post__thumbnail\"><img loading=\"lazy\" decoding=\"async\" width=\"2048\" height=\"1367\" src=\"https:\/\/energyear.com\/wp-content\/uploads\/2026\/08\/Principales-actores-del-sector-energetico-se-reunen-para-debatir-el-futuro-renovable-de-Argentina.jpg\" class=\"attachment-full size-full wp-image-88436\" alt=\"Principales actores del sector energ\u00e9tico se re\u00fanen para debatir el futuro renovable de Argentina\" srcset=\"https:\/\/energyear.com\/wp-content\/uploads\/2026\/08\/Principales-actores-del-sector-energetico-se-reunen-para-debatir-el-futuro-renovable-de-Argentina.jpg 2048w, https:\/\/energyear.com\/wp-content\/uploads\/2026\/08\/Principales-actores-del-sector-energetico-se-reunen-para-debatir-el-futuro-renovable-de-Argentina-300x200.jpg 300w, https:\/\/energyear.com\/wp-content\/uploads\/2026\/08\/Principales-actores-del-sector-energetico-se-reunen-para-debatir-el-futuro-renovable-de-Argentina-1024x684.jpg 1024w, https:\/\/energyear.com\/wp-content\/uploads\/2026\/08\/Principales-actores-del-sector-energetico-se-reunen-para-debatir-el-futuro-renovable-de-Argentina-768x513.jpg 768w, https:\/\/energyear.com\/wp-content\/uploads\/2026\/08\/Principales-actores-del-sector-energetico-se-reunen-para-debatir-el-futuro-renovable-de-Argentina-1536x1025.jpg 1536w, https:\/\/energyear.com\/wp-content\/uploads\/2026\/08\/Principales-actores-del-sector-energetico-se-reunen-para-debatir-el-futuro-renovable-de-Argentina-600x400.jpg 600w, https:\/\/energyear.com\/wp-content\/uploads\/2026\/08\/Principales-actores-del-sector-energetico-se-reunen-para-debatir-el-futuro-renovable-de-Argentina-66x43.jpg 66w\" sizes=\"auto, (max-width: 2048px) 100vw, 2048px\" \/><\/div>\n\t\t<\/a>\n\t\t\t\t<div class=\"elementor-post__text\">\n\t\t\t\t<h3 class=\"elementor-post__title\">\n\t\t\t<a href=\"https:\/\/energyear.com\/pt\/notas-de-prensa\/principales-actores-sector-energetico-reunen-futuro-renovable-argentina\/\" >\n\t\t\t\tPrincipales actores del sector energ\u00e9tico se re\u00fanen para debatir el futuro renovable de Argentina\t\t\t<\/a>\n\t\t<\/h3>\n\t\t\t\t<div class=\"elementor-post__excerpt\">\n\t\t\t<p>Buenos Aires, 1 de septiembre de 2026. Argentina afronta una etapa clave para la evoluci\u00f3n de su sistema energ\u00e9tico. Energyear Argentina reunir\u00e1 a diferentes representantes del sector en Buenos Aires.<\/p>\t\t<\/div>\n\t\t\n\t\t<a class=\"elementor-post__read-more\" href=\"https:\/\/energyear.com\/pt\/notas-de-prensa\/principales-actores-sector-energetico-reunen-futuro-renovable-argentina\/\" aria-label=\"Read more about Principales actores del sector energ\u00e9tico se re\u00fanen para debatir el futuro renovable de Argentina\" tabindex=\"-1\" >\n\t\t\tLeer m\u00e1s \u00bb\t\t<\/a>\n\n\t\t\t\t<\/div>\n\t\t\t\t<\/article>\n\t\t\t\t<\/div>\n\t\t\n\t\t\t\t\t\t<\/div>\n\t\t\t\t<\/div>\n\t\t\t\t\t<\/div>\n\t\t\t\t<\/div>\n\t\t\t\t<\/div>\n\t\t","protected":false},"excerpt":{"rendered":"<p>PRENSA Bienvenido al espacio de prensa de Energyear, la plataforma internacional de referencia para profesionales del sector energ\u00e9tico y las energ\u00edas renovables. Desde 2013, Energyear conecta a empresas, inversores, desarrolladores, fabricantes, utilities, instituciones y l\u00edderes de la industria a trav\u00e9s de congresos y eventos celebrados en Europa, Latinoam\u00e9rica y Asia-Pac\u00edfico. En esta secci\u00f3n encontrar\u00e1s nuestros &#8230; <a title=\"Principais intervenientes do setor energ\u00e9tico re\u00fanem-se para debater o futuro das energias renov\u00e1veis na Argentina\" class=\"read-more\" href=\"https:\/\/energyear.com\/pt\/notas-de-prensa\/principales-actores-sector-energetico-reunen-futuro-renovable-argentina\/\" aria-label=\"Leia mais sobre Principales actores del sector energ\u00e9tico se re\u00fanen para debatir el futuro renovable de Argentina\">Ler mais<\/a><\/p>","protected":false},"author":14,"featured_media":88128,"parent":0,"menu_order":0,"comment_status":"closed","ping_status":"closed","template":"elementor_header_footer","meta":{"_acf_changed":false,"content-type":"","footnotes":""},"folder":[177],"class_list":["post-88127","page","type-page","status-publish","has-post-thumbnail","hentry"],"acf":[],"yoast_head":"<!-- This site is optimized with the Yoast SEO plugin v28.3 - https:\/\/yoast.com\/product\/yoast-seo-wordpress\/ -->\n<title>Kit y Notas de Prensa - Energyear<\/title>\n<meta name=\"description\" content=\"Todas las notas de prensa de Energyear, sus eventos y kit de prensa para medios \u00a1Conoce las \u00faltimas novedades oficiales de Energyear!\" \/>\n<meta name=\"robots\" content=\"index, follow, max-snippet:-1, max-image-preview:large, max-video-preview:-1\" \/>\n<link rel=\"canonical\" href=\"https:\/\/energyear.com\/pt\/kit-y-notas-de-prensa\/\" \/>\n<meta property=\"og:locale\" content=\"pt_PT\" \/>\n<meta property=\"og:type\" content=\"article\" \/>\n<meta property=\"og:title\" content=\"Kit y Notas de Prensa - Energyear\" \/>\n<meta property=\"og:description\" content=\"Todas las notas de prensa de Energyear, sus eventos y kit de prensa para medios \u00a1Conoce las \u00faltimas novedades oficiales de Energyear!\" \/>\n<meta property=\"og:url\" content=\"https:\/\/energyear.com\/pt\/kit-y-notas-de-prensa\/\" \/>\n<meta property=\"og:site_name\" content=\"Energyear\" \/>\n<meta property=\"article:modified_time\" content=\"2026-08-31T15:09:47+00:00\" \/>\n<meta property=\"og:image\" content=\"https:\/\/energyear.com\/wp-content\/uploads\/2026\/08\/portada-notas-de-prensa-y-medios-energyear.jpg\" \/>\n\t<meta property=\"og:image:width\" content=\"1500\" \/>\n\t<meta property=\"og:image:height\" content=\"1000\" \/>\n\t<meta property=\"og:image:type\" content=\"image\/jpeg\" \/>\n<meta name=\"twitter:card\" content=\"summary_large_image\" \/>\n<meta name=\"twitter:label1\" content=\"Tempo estimado de leitura\" \/>\n\t<meta name=\"twitter:data1\" content=\"3 minutos\" \/>\n<script type=\"application\/ld+json\" class=\"yoast-schema-graph\">{\"@context\":\"https:\\\/\\\/schema.org\",\"@graph\":[{\"@type\":\"WebPage\",\"@id\":\"https:\\\/\\\/energyear.com\\\/es\\\/kit-y-notas-de-prensa\\\/\",\"url\":\"https:\\\/\\\/energyear.com\\\/es\\\/kit-y-notas-de-prensa\\\/\",\"name\":\"Kit y Notas de Prensa - Energyear\",\"isPartOf\":{\"@id\":\"https:\\\/\\\/energyear.com\\\/es\\\/#website\"},\"primaryImageOfPage\":{\"@id\":\"https:\\\/\\\/energyear.com\\\/es\\\/kit-y-notas-de-prensa\\\/#primaryimage\"},\"image\":{\"@id\":\"https:\\\/\\\/energyear.com\\\/es\\\/kit-y-notas-de-prensa\\\/#primaryimage\"},\"thumbnailUrl\":\"https:\\\/\\\/energyear.com\\\/wp-content\\\/uploads\\\/2026\\\/08\\\/portada-notas-de-prensa-y-medios-energyear.jpg\",\"datePublished\":\"2026-08-25T11:49:43+00:00\",\"dateModified\":\"2026-08-31T15:09:47+00:00\",\"description\":\"Todas las notas de prensa de Energyear, sus eventos y kit de prensa para medios \u00a1Conoce las \u00faltimas novedades oficiales de Energyear!\",\"breadcrumb\":{\"@id\":\"https:\\\/\\\/energyear.com\\\/es\\\/kit-y-notas-de-prensa\\\/#breadcrumb\"},\"inLanguage\":\"pt-PT\",\"potentialAction\":[{\"@type\":\"ReadAction\",\"target\":[\"https:\\\/\\\/energyear.com\\\/es\\\/kit-y-notas-de-prensa\\\/\"]}]},{\"@type\":\"ImageObject\",\"inLanguage\":\"pt-PT\",\"@id\":\"https:\\\/\\\/energyear.com\\\/es\\\/kit-y-notas-de-prensa\\\/#primaryimage\",\"url\":\"https:\\\/\\\/energyear.com\\\/wp-content\\\/uploads\\\/2026\\\/08\\\/portada-notas-de-prensa-y-medios-energyear.jpg\",\"contentUrl\":\"https:\\\/\\\/energyear.com\\\/wp-content\\\/uploads\\\/2026\\\/08\\\/portada-notas-de-prensa-y-medios-energyear.jpg\",\"width\":1500,\"height\":1000,\"caption\":\"portada notas de prensa y medios energyear\"},{\"@type\":\"BreadcrumbList\",\"@id\":\"https:\\\/\\\/energyear.com\\\/es\\\/kit-y-notas-de-prensa\\\/#breadcrumb\",\"itemListElement\":[{\"@type\":\"ListItem\",\"position\":1,\"name\":\"Portada\",\"item\":\"https:\\\/\\\/energyear.com\\\/\"},{\"@type\":\"ListItem\",\"position\":2,\"name\":\"Prensa\"}]},{\"@type\":\"WebSite\",\"@id\":\"https:\\\/\\\/energyear.com\\\/es\\\/#website\",\"url\":\"https:\\\/\\\/energyear.com\\\/es\\\/\",\"name\":\"Energyear\",\"description\":\"Eventos de Energ\u00edas Renovables y Movilidad\",\"publisher\":{\"@id\":\"https:\\\/\\\/energyear.com\\\/es\\\/#organization\"},\"potentialAction\":[{\"@type\":\"SearchAction\",\"target\":{\"@type\":\"EntryPoint\",\"urlTemplate\":\"https:\\\/\\\/energyear.com\\\/es\\\/?s={search_term_string}\"},\"query-input\":{\"@type\":\"PropertyValueSpecification\",\"valueRequired\":true,\"valueName\":\"search_term_string\"}}],\"inLanguage\":\"pt-PT\"},{\"@type\":\"Organization\",\"@id\":\"https:\\\/\\\/energyear.com\\\/es\\\/#organization\",\"name\":\"Energyear\",\"url\":\"https:\\\/\\\/energyear.com\\\/es\\\/\",\"logo\":{\"@type\":\"ImageObject\",\"inLanguage\":\"pt-PT\",\"@id\":\"https:\\\/\\\/energyear.com\\\/es\\\/#\\\/schema\\\/logo\\\/image\\\/\",\"url\":\"https:\\\/\\\/energyear.com\\\/wp-content\\\/uploads\\\/2022\\\/01\\\/logo_energyear_f.svg\",\"contentUrl\":\"https:\\\/\\\/energyear.com\\\/wp-content\\\/uploads\\\/2022\\\/01\\\/logo_energyear_f.svg\",\"width\":100,\"height\":100,\"caption\":\"Energyear\"},\"image\":{\"@id\":\"https:\\\/\\\/energyear.com\\\/es\\\/#\\\/schema\\\/logo\\\/image\\\/\"}}]}<\/script>\n<!-- \/ Yoast SEO plugin. -->","yoast_head_json":{"title":"Kit y Notas de Prensa - Energyear","description":"Todas las notas de prensa de Energyear, sus eventos y kit de prensa para medios \u00a1Conoce las \u00faltimas novedades oficiales de Energyear!","robots":{"index":"index","follow":"follow","max-snippet":"max-snippet:-1","max-image-preview":"max-image-preview:large","max-video-preview":"max-video-preview:-1"},"canonical":"https:\/\/energyear.com\/pt\/kit-y-notas-de-prensa\/","og_locale":"pt_PT","og_type":"article","og_title":"Kit y Notas de Prensa - Energyear","og_description":"Todas las notas de prensa de Energyear, sus eventos y kit de prensa para medios \u00a1Conoce las \u00faltimas novedades oficiales de Energyear!","og_url":"https:\/\/energyear.com\/pt\/kit-y-notas-de-prensa\/","og_site_name":"Energyear","article_modified_time":"2026-08-31T15:09:47+00:00","og_image":[{"width":1500,"height":1000,"url":"https:\/\/energyear.com\/wp-content\/uploads\/2026\/08\/portada-notas-de-prensa-y-medios-energyear.jpg","type":"image\/jpeg"}],"twitter_card":"summary_large_image","twitter_misc":{"Tempo estimado de leitura":"3 minutos"},"schema":{"@context":"https:\/\/schema.org","@graph":[{"@type":"WebPage","@id":"https:\/\/energyear.com\/es\/kit-y-notas-de-prensa\/","url":"https:\/\/energyear.com\/es\/kit-y-notas-de-prensa\/","name":"Kit y Notas de Prensa - Energyear","isPartOf":{"@id":"https:\/\/energyear.com\/es\/#website"},"primaryImageOfPage":{"@id":"https:\/\/energyear.com\/es\/kit-y-notas-de-prensa\/#primaryimage"},"image":{"@id":"https:\/\/energyear.com\/es\/kit-y-notas-de-prensa\/#primaryimage"},"thumbnailUrl":"https:\/\/energyear.com\/wp-content\/uploads\/2026\/08\/portada-notas-de-prensa-y-medios-energyear.jpg","datePublished":"2026-08-25T11:49:43+00:00","dateModified":"2026-08-31T15:09:47+00:00","description":"Todas las notas de prensa de Energyear, sus eventos y kit de prensa para medios \u00a1Conoce las \u00faltimas novedades oficiales de Energyear!","breadcrumb":{"@id":"https:\/\/energyear.com\/es\/kit-y-notas-de-prensa\/#breadcrumb"},"inLanguage":"pt-PT","potentialAction":[{"@type":"ReadAction","target":["https:\/\/energyear.com\/es\/kit-y-notas-de-prensa\/"]}]},{"@type":"ImageObject","inLanguage":"pt-PT","@id":"https:\/\/energyear.com\/es\/kit-y-notas-de-prensa\/#primaryimage","url":"https:\/\/energyear.com\/wp-content\/uploads\/2026\/08\/portada-notas-de-prensa-y-medios-energyear.jpg","contentUrl":"https:\/\/energyear.com\/wp-content\/uploads\/2026\/08\/portada-notas-de-prensa-y-medios-energyear.jpg","width":1500,"height":1000,"caption":"portada notas de prensa y medios energyear"},{"@type":"BreadcrumbList","@id":"https:\/\/energyear.com\/es\/kit-y-notas-de-prensa\/#breadcrumb","itemListElement":[{"@type":"ListItem","position":1,"name":"Portada","item":"https:\/\/energyear.com\/"},{"@type":"ListItem","position":2,"name":"Prensa"}]},{"@type":"WebSite","@id":"https:\/\/energyear.com\/es\/#website","url":"https:\/\/energyear.com\/es\/","name":"ENERGYEAR","description":"Eventos de Energ\u00edas Renovables y Movilidad","publisher":{"@id":"https:\/\/energyear.com\/es\/#organization"},"potentialAction":[{"@type":"SearchAction","target":{"@type":"EntryPoint","urlTemplate":"https:\/\/energyear.com\/es\/?s={search_term_string}"},"query-input":{"@type":"PropertyValueSpecification","valueRequired":true,"valueName":"search_term_string"}}],"inLanguage":"pt-PT"},{"@type":"Organization","@id":"https:\/\/energyear.com\/es\/#organization","name":"ENERGYEAR","url":"https:\/\/energyear.com\/es\/","logo":{"@type":"ImageObject","inLanguage":"pt-PT","@id":"https:\/\/energyear.com\/es\/#\/schema\/logo\/image\/","url":"https:\/\/energyear.com\/wp-content\/uploads\/2022\/01\/logo_energyear_f.svg","contentUrl":"https:\/\/energyear.com\/wp-content\/uploads\/2022\/01\/logo_energyear_f.svg","width":100,"height":100,"caption":"Energyear"},"image":{"@id":"https:\/\/energyear.com\/es\/#\/schema\/logo\/image\/"}}]}},"_links":{"self":[{"href":"https:\/\/energyear.com\/pt\/wp-json\/wp\/v2\/pages\/88127","targetHints":{"allow":["GET"]}}],"collection":[{"href":"https:\/\/energyear.com\/pt\/wp-json\/wp\/v2\/pages"}],"about":[{"href":"https:\/\/energyear.com\/pt\/wp-json\/wp\/v2\/types\/page"}],"author":[{"embeddable":true,"href":"https:\/\/energyear.com\/pt\/wp-json\/wp\/v2\/users\/14"}],"replies":[{"embeddable":true,"href":"https:\/\/energyear.com\/pt\/wp-json\/wp\/v2\/comments?post=88127"}],"version-history":[{"count":5,"href":"https:\/\/energyear.com\/pt\/wp-json\/wp\/v2\/pages\/88127\/revisions"}],"predecessor-version":[{"id":88453,"href":"https:\/\/energyear.com\/pt\/wp-json\/wp\/v2\/pages\/88127\/revisions\/88453"}],"wp:featuredmedia":[{"embeddable":true,"href":"https:\/\/energyear.com\/pt\/wp-json\/wp\/v2\/media\/88128"}],"wp:attachment":[{"href":"https:\/\/energyear.com\/pt\/wp-json\/wp\/v2\/media?parent=88127"}],"wp:term":[{"taxonomy":"folder","embeddable":true,"href":"https:\/\/energyear.com\/pt\/wp-json\/wp\/v2\/folder?post=88127"}],"curies":[{"name":"wp","href":"https:\/\/api.w.org\/{rel}","templated":true}]}}