{"id":19193,"date":"2022-11-02T11:55:51","date_gmt":"2022-11-02T10:55:51","guid":{"rendered":"https:\/\/energyear.com\/?post_type=jet-popup&#038;p=19193"},"modified":"2022-11-02T12:04:24","modified_gmt":"2022-11-02T11:04:24","slug":"vitor-rodrigues","status":"publish","type":"jet-popup","link":"https:\/\/energyear.com\/es\/jet-popup\/vitor-rodrigues\/","title":{"rendered":"Vitor Rodrigues"},"content":{"rendered":"\t\t<div data-elementor-type=\"jet-popup\" data-elementor-id=\"19193\" class=\"elementor elementor-19193\" data-elementor-post-type=\"jet-popup\">\n\t\t\t\t\t\t<section class=\"elementor-section elementor-top-section elementor-element elementor-element-175c4a26 elementor-section-boxed elementor-section-height-default elementor-section-height-default\" data-id=\"175c4a26\" data-element_type=\"section\" data-e-type=\"section\" data-settings=\"{&quot;jet_parallax_layout_list&quot;:[{&quot;jet_parallax_layout_image&quot;:{&quot;url&quot;:&quot;&quot;,&quot;id&quot;:&quot;&quot;,&quot;size&quot;:&quot;&quot;},&quot;_id&quot;:&quot;441e9f5&quot;,&quot;jet_parallax_layout_image_tablet&quot;:{&quot;url&quot;:&quot;&quot;,&quot;id&quot;:&quot;&quot;,&quot;size&quot;:&quot;&quot;},&quot;jet_parallax_layout_image_mobile&quot;:{&quot;url&quot;:&quot;&quot;,&quot;id&quot;:&quot;&quot;,&quot;size&quot;:&quot;&quot;},&quot;jet_parallax_layout_speed&quot;:{&quot;unit&quot;:&quot;%&quot;,&quot;size&quot;:50,&quot;sizes&quot;:[]},&quot;jet_parallax_layout_type&quot;:&quot;scroll&quot;,&quot;jet_parallax_layout_direction&quot;:&quot;1&quot;,&quot;jet_parallax_layout_fx_direction&quot;:null,&quot;jet_parallax_layout_z_index&quot;:&quot;&quot;,&quot;jet_parallax_layout_bg_x&quot;:50,&quot;jet_parallax_layout_bg_x_tablet&quot;:&quot;&quot;,&quot;jet_parallax_layout_bg_x_mobile&quot;:&quot;&quot;,&quot;jet_parallax_layout_bg_y&quot;:50,&quot;jet_parallax_layout_bg_y_tablet&quot;:&quot;&quot;,&quot;jet_parallax_layout_bg_y_mobile&quot;:&quot;&quot;,&quot;jet_parallax_layout_bg_size&quot;:&quot;auto&quot;,&quot;jet_parallax_layout_bg_size_tablet&quot;:&quot;&quot;,&quot;jet_parallax_layout_bg_size_mobile&quot;:&quot;&quot;,&quot;jet_parallax_layout_animation_prop&quot;:&quot;transform&quot;,&quot;jet_parallax_layout_on&quot;:[&quot;desktop&quot;,&quot;tablet&quot;]}]}\">\n\t\t\t\t\t\t<div class=\"elementor-container elementor-column-gap-default\">\n\t\t\t\t\t<div class=\"elementor-column elementor-col-100 elementor-top-column elementor-element elementor-element-22b51dd2\" data-id=\"22b51dd2\" data-element_type=\"column\" data-e-type=\"column\">\n\t\t\t<div class=\"elementor-widget-wrap elementor-element-populated\">\n\t\t\t\t\t\t<section class=\"elementor-section elementor-inner-section elementor-element elementor-element-30268a05 elementor-section-boxed elementor-section-height-default elementor-section-height-default\" data-id=\"30268a05\" data-element_type=\"section\" data-e-type=\"section\" data-settings=\"{&quot;jet_parallax_layout_list&quot;:[{&quot;jet_parallax_layout_image&quot;:{&quot;url&quot;:&quot;&quot;,&quot;id&quot;:&quot;&quot;,&quot;size&quot;:&quot;&quot;},&quot;_id&quot;:&quot;cdac3af&quot;,&quot;jet_parallax_layout_image_tablet&quot;:{&quot;url&quot;:&quot;&quot;,&quot;id&quot;:&quot;&quot;,&quot;size&quot;:&quot;&quot;},&quot;jet_parallax_layout_image_mobile&quot;:{&quot;url&quot;:&quot;&quot;,&quot;id&quot;:&quot;&quot;,&quot;size&quot;:&quot;&quot;},&quot;jet_parallax_layout_speed&quot;:{&quot;unit&quot;:&quot;%&quot;,&quot;size&quot;:50,&quot;sizes&quot;:[]},&quot;jet_parallax_layout_type&quot;:&quot;scroll&quot;,&quot;jet_parallax_layout_direction&quot;:&quot;1&quot;,&quot;jet_parallax_layout_fx_direction&quot;:null,&quot;jet_parallax_layout_z_index&quot;:&quot;&quot;,&quot;jet_parallax_layout_bg_x&quot;:50,&quot;jet_parallax_layout_bg_x_tablet&quot;:&quot;&quot;,&quot;jet_parallax_layout_bg_x_mobile&quot;:&quot;&quot;,&quot;jet_parallax_layout_bg_y&quot;:50,&quot;jet_parallax_layout_bg_y_tablet&quot;:&quot;&quot;,&quot;jet_parallax_layout_bg_y_mobile&quot;:&quot;&quot;,&quot;jet_parallax_layout_bg_size&quot;:&quot;auto&quot;,&quot;jet_parallax_layout_bg_size_tablet&quot;:&quot;&quot;,&quot;jet_parallax_layout_bg_size_mobile&quot;:&quot;&quot;,&quot;jet_parallax_layout_animation_prop&quot;:&quot;transform&quot;,&quot;jet_parallax_layout_on&quot;:[&quot;desktop&quot;,&quot;tablet&quot;]}]}\">\n\t\t\t\t\t\t<div class=\"elementor-container elementor-column-gap-default\">\n\t\t\t\t\t<div class=\"elementor-column elementor-col-50 elementor-inner-column elementor-element elementor-element-5261aa81\" data-id=\"5261aa81\" data-element_type=\"column\" data-e-type=\"column\">\n\t\t\t<div class=\"elementor-widget-wrap elementor-element-populated\">\n\t\t\t\t\t\t<div class=\"elementor-element elementor-element-47455f7e elementor-widget elementor-widget-image\" data-id=\"47455f7e\" data-element_type=\"widget\" data-e-type=\"widget\" data-widget_type=\"image.default\">\n\t\t\t\t\t\t\t\t\t\t\t\t\t\t\t<img decoding=\"async\" src=\"https:\/\/energyear.com\/wp-content\/uploads\/2022\/11\/Vitor-Rodriguez-2.jpg\" title=\"\" alt=\"\" loading=\"lazy\" \/>\t\t\t\t\t\t\t\t\t\t\t\t\t\t\t<\/div>\n\t\t\t\t\t<\/div>\n\t\t<\/div>\n\t\t\t\t<div class=\"elementor-column elementor-col-50 elementor-inner-column elementor-element elementor-element-64d97d5\" data-id=\"64d97d5\" data-element_type=\"column\" data-e-type=\"column\">\n\t\t\t<div class=\"elementor-widget-wrap elementor-element-populated\">\n\t\t\t\t\t\t<div class=\"elementor-element elementor-element-4e731c25 elementor-widget elementor-widget-heading\" data-id=\"4e731c25\" data-element_type=\"widget\" data-e-type=\"widget\" data-widget_type=\"heading.default\">\n\t\t\t\t\t<h3 class=\"elementor-heading-title elementor-size-default\">V\u00edtor Rodrigues<\/h3>\t\t\t\t<\/div>\n\t\t\t\t<div class=\"elementor-element elementor-element-570b3a92 elementor-widget-divider--view-line elementor-widget elementor-widget-divider\" data-id=\"570b3a92\" data-element_type=\"widget\" data-e-type=\"widget\" data-widget_type=\"divider.default\">\n\t\t\t\t\t\t\t<div class=\"elementor-divider\">\n\t\t\t<span class=\"elementor-divider-separator\">\n\t\t\t\t\t\t<\/span>\n\t\t<\/div>\n\t\t\t\t\t\t<\/div>\n\t\t\t\t<div class=\"elementor-element elementor-element-1cadc176 elementor-widget elementor-widget-heading\" data-id=\"1cadc176\" data-element_type=\"widget\" data-e-type=\"widget\" data-widget_type=\"heading.default\">\n\t\t\t\t\t<p class=\"elementor-heading-title elementor-size-default\">LONGi<\/p>\t\t\t\t<\/div>\n\t\t\t\t<div class=\"elementor-element elementor-element-116cd631 elementor-widget elementor-widget-heading\" data-id=\"116cd631\" data-element_type=\"widget\" data-e-type=\"widget\" data-widget_type=\"heading.default\">\n\t\t\t\t\t<p class=\"elementor-heading-title elementor-size-default\">Technical director utility Europe\n\n<\/p>\t\t\t\t<\/div>\n\t\t\t\t<div class=\"elementor-element elementor-element-2ac5a9ac elementor-widget elementor-widget-text-editor\" data-id=\"2ac5a9ac\" data-element_type=\"widget\" data-e-type=\"widget\" data-widget_type=\"text-editor.default\">\n\t\t\t\t\t\t\t\t\t<p>V\u00edtor es actualmente el director t\u00e9cnico para Europa de LONGi Solar desde 2020. Ha pasado 14 a\u00f1os en T\u00dcV Rheinland y aporta un amplio conocimiento de la energ\u00eda fotovoltaica en diferentes \u00e1reas, incluyendo la auditor\u00eda e inspecci\u00f3n de f\u00e1bricas e instalaciones en Europa, Asia y Am\u00e9rica del Sur, la supervisi\u00f3n de la construcci\u00f3n y la evaluaci\u00f3n del rendimiento, as\u00ed como la realizaci\u00f3n de inspecciones de seguridad y la mejora del rendimiento de las plantas fotovoltaicas en todo el mundo.<\/p>\t\t\t\t\t\t\t\t<\/div>\n\t\t\t\t\t<\/div>\n\t\t<\/div>\n\t\t\t\t\t<\/div>\n\t\t<\/section>\n\t\t\t\t\t<\/div>\n\t\t<\/div>\n\t\t\t\t\t<\/div>\n\t\t<\/section>\n\t\t\t\t<\/div>\n\t\t","protected":false},"author":6,"template":"","meta":{"_acf_changed":false,"content-type":"","_styles":[],"_settings":[]},"class_list":["post-19193","jet-popup","type-jet-popup","status-publish","hentry"],"acf":[],"yoast_head":"<!-- This site is optimized with the Yoast SEO plugin v27.2 - https:\/\/yoast.com\/product\/yoast-seo-wordpress\/ -->\n<title>Vitor Rodrigues - Energyear<\/title>\n<meta name=\"robots\" content=\"index, follow, max-snippet:-1, max-image-preview:large, max-video-preview:-1\" \/>\n<link rel=\"canonical\" href=\"https:\/\/energyear.com\/es\/jet-popup\/vitor-rodrigues\/\" \/>\n<meta property=\"og:locale\" content=\"es_ES\" \/>\n<meta property=\"og:type\" content=\"article\" \/>\n<meta property=\"og:title\" content=\"Vitor Rodrigues - Energyear\" \/>\n<meta property=\"og:description\" content=\"V\u00edtor Rodrigues LONGi Technical director utility Europe V\u00edtor es actualmente el director t\u00e9cnico para Europa de LONGi Solar desde 2020. Ha pasado 14 a\u00f1os en T\u00dcV Rheinland y aporta un amplio conocimiento de la energ\u00eda fotovoltaica en diferentes \u00e1reas, incluyendo la auditor\u00eda e inspecci\u00f3n de f\u00e1bricas e instalaciones en Europa, Asia y Am\u00e9rica del Sur, ... Leer m\u00e1s\" \/>\n<meta property=\"og:url\" content=\"https:\/\/energyear.com\/es\/jet-popup\/vitor-rodrigues\/\" \/>\n<meta property=\"og:site_name\" content=\"Energyear\" \/>\n<meta property=\"article:modified_time\" content=\"2022-11-02T11:04:24+00:00\" \/>\n<meta property=\"og:image\" content=\"https:\/\/energyear.com\/wp-content\/uploads\/2022\/11\/Vitor-Rodriguez-2.jpg\" \/>\n<meta name=\"twitter:card\" content=\"summary_large_image\" \/>\n<script type=\"application\/ld+json\" class=\"yoast-schema-graph\">{\"@context\":\"https:\/\/schema.org\",\"@graph\":[{\"@type\":\"WebPage\",\"@id\":\"https:\/\/energyear.com\/jet-popup\/vitor-rodrigues\/\",\"url\":\"https:\/\/energyear.com\/jet-popup\/vitor-rodrigues\/\",\"name\":\"Vitor Rodrigues - Energyear\",\"isPartOf\":{\"@id\":\"https:\/\/energyear.com\/es\/#website\"},\"primaryImageOfPage\":{\"@id\":\"https:\/\/energyear.com\/jet-popup\/vitor-rodrigues\/#primaryimage\"},\"image\":{\"@id\":\"https:\/\/energyear.com\/jet-popup\/vitor-rodrigues\/#primaryimage\"},\"thumbnailUrl\":\"https:\/\/energyear.com\/wp-content\/uploads\/2022\/11\/Vitor-Rodriguez-2.jpg\",\"datePublished\":\"2022-11-02T10:55:51+00:00\",\"dateModified\":\"2022-11-02T11:04:24+00:00\",\"breadcrumb\":{\"@id\":\"https:\/\/energyear.com\/jet-popup\/vitor-rodrigues\/#breadcrumb\"},\"inLanguage\":\"es\",\"potentialAction\":[{\"@type\":\"ReadAction\",\"target\":[\"https:\/\/energyear.com\/jet-popup\/vitor-rodrigues\/\"]}]},{\"@type\":\"ImageObject\",\"inLanguage\":\"es\",\"@id\":\"https:\/\/energyear.com\/jet-popup\/vitor-rodrigues\/#primaryimage\",\"url\":\"https:\/\/energyear.com\/wp-content\/uploads\/2022\/11\/Vitor-Rodriguez-2.jpg\",\"contentUrl\":\"https:\/\/energyear.com\/wp-content\/uploads\/2022\/11\/Vitor-Rodriguez-2.jpg\"},{\"@type\":\"BreadcrumbList\",\"@id\":\"https:\/\/energyear.com\/jet-popup\/vitor-rodrigues\/#breadcrumb\",\"itemListElement\":[{\"@type\":\"ListItem\",\"position\":1,\"name\":\"Portada\",\"item\":\"https:\/\/energyear.com\/\"},{\"@type\":\"ListItem\",\"position\":2,\"name\":\"Vitor Rodrigues\"}]},{\"@type\":\"WebSite\",\"@id\":\"https:\/\/energyear.com\/es\/#website\",\"url\":\"https:\/\/energyear.com\/es\/\",\"name\":\"Energyear\",\"description\":\"Eventos de Energ\u00edas Renovables y Movilidad\",\"publisher\":{\"@id\":\"https:\/\/energyear.com\/es\/#organization\"},\"potentialAction\":[{\"@type\":\"SearchAction\",\"target\":{\"@type\":\"EntryPoint\",\"urlTemplate\":\"https:\/\/energyear.com\/es\/?s={search_term_string}\"},\"query-input\":{\"@type\":\"PropertyValueSpecification\",\"valueRequired\":true,\"valueName\":\"search_term_string\"}}],\"inLanguage\":\"es\"},{\"@type\":\"Organization\",\"@id\":\"https:\/\/energyear.com\/es\/#organization\",\"name\":\"Energyear\",\"url\":\"https:\/\/energyear.com\/es\/\",\"logo\":{\"@type\":\"ImageObject\",\"inLanguage\":\"es\",\"@id\":\"https:\/\/energyear.com\/es\/#\/schema\/logo\/image\/\",\"url\":\"https:\/\/energyear.com\/wp-content\/uploads\/2022\/01\/logo_energyear_f.svg\",\"contentUrl\":\"https:\/\/energyear.com\/wp-content\/uploads\/2022\/01\/logo_energyear_f.svg\",\"width\":100,\"height\":100,\"caption\":\"Energyear\"},\"image\":{\"@id\":\"https:\/\/energyear.com\/es\/#\/schema\/logo\/image\/\"}}]}<\/script>\n<!-- \/ Yoast SEO plugin. -->","yoast_head_json":{"title":"Vitor Rodrigues - Energyear","robots":{"index":"index","follow":"follow","max-snippet":"max-snippet:-1","max-image-preview":"max-image-preview:large","max-video-preview":"max-video-preview:-1"},"canonical":"https:\/\/energyear.com\/es\/jet-popup\/vitor-rodrigues\/","og_locale":"es_ES","og_type":"article","og_title":"Vitor Rodrigues - Energyear","og_description":"V\u00edtor Rodrigues LONGi Technical director utility Europe V\u00edtor es actualmente el director t\u00e9cnico para Europa de LONGi Solar desde 2020. Ha pasado 14 a\u00f1os en T\u00dcV Rheinland y aporta un amplio conocimiento de la energ\u00eda fotovoltaica en diferentes \u00e1reas, incluyendo la auditor\u00eda e inspecci\u00f3n de f\u00e1bricas e instalaciones en Europa, Asia y Am\u00e9rica del Sur, ... Leer m\u00e1s","og_url":"https:\/\/energyear.com\/es\/jet-popup\/vitor-rodrigues\/","og_site_name":"Energyear","article_modified_time":"2022-11-02T11:04:24+00:00","og_image":[{"url":"https:\/\/energyear.com\/wp-content\/uploads\/2022\/11\/Vitor-Rodriguez-2.jpg","type":"","width":"","height":""}],"twitter_card":"summary_large_image","schema":{"@context":"https:\/\/schema.org","@graph":[{"@type":"WebPage","@id":"https:\/\/energyear.com\/jet-popup\/vitor-rodrigues\/","url":"https:\/\/energyear.com\/jet-popup\/vitor-rodrigues\/","name":"Vitor Rodrigues - Energyear","isPartOf":{"@id":"https:\/\/energyear.com\/es\/#website"},"primaryImageOfPage":{"@id":"https:\/\/energyear.com\/jet-popup\/vitor-rodrigues\/#primaryimage"},"image":{"@id":"https:\/\/energyear.com\/jet-popup\/vitor-rodrigues\/#primaryimage"},"thumbnailUrl":"https:\/\/energyear.com\/wp-content\/uploads\/2022\/11\/Vitor-Rodriguez-2.jpg","datePublished":"2022-11-02T10:55:51+00:00","dateModified":"2022-11-02T11:04:24+00:00","breadcrumb":{"@id":"https:\/\/energyear.com\/jet-popup\/vitor-rodrigues\/#breadcrumb"},"inLanguage":"es","potentialAction":[{"@type":"ReadAction","target":["https:\/\/energyear.com\/jet-popup\/vitor-rodrigues\/"]}]},{"@type":"ImageObject","inLanguage":"es","@id":"https:\/\/energyear.com\/jet-popup\/vitor-rodrigues\/#primaryimage","url":"https:\/\/energyear.com\/wp-content\/uploads\/2022\/11\/Vitor-Rodriguez-2.jpg","contentUrl":"https:\/\/energyear.com\/wp-content\/uploads\/2022\/11\/Vitor-Rodriguez-2.jpg"},{"@type":"BreadcrumbList","@id":"https:\/\/energyear.com\/jet-popup\/vitor-rodrigues\/#breadcrumb","itemListElement":[{"@type":"ListItem","position":1,"name":"Portada","item":"https:\/\/energyear.com\/"},{"@type":"ListItem","position":2,"name":"Vitor Rodrigues"}]},{"@type":"WebSite","@id":"https:\/\/energyear.com\/es\/#website","url":"https:\/\/energyear.com\/es\/","name":"Energyear","description":"Eventos de Energ\u00edas Renovables y Movilidad","publisher":{"@id":"https:\/\/energyear.com\/es\/#organization"},"potentialAction":[{"@type":"SearchAction","target":{"@type":"EntryPoint","urlTemplate":"https:\/\/energyear.com\/es\/?s={search_term_string}"},"query-input":{"@type":"PropertyValueSpecification","valueRequired":true,"valueName":"search_term_string"}}],"inLanguage":"es"},{"@type":"Organization","@id":"https:\/\/energyear.com\/es\/#organization","name":"Energyear","url":"https:\/\/energyear.com\/es\/","logo":{"@type":"ImageObject","inLanguage":"es","@id":"https:\/\/energyear.com\/es\/#\/schema\/logo\/image\/","url":"https:\/\/energyear.com\/wp-content\/uploads\/2022\/01\/logo_energyear_f.svg","contentUrl":"https:\/\/energyear.com\/wp-content\/uploads\/2022\/01\/logo_energyear_f.svg","width":100,"height":100,"caption":"Energyear"},"image":{"@id":"https:\/\/energyear.com\/es\/#\/schema\/logo\/image\/"}}]}},"_links":{"self":[{"href":"https:\/\/energyear.com\/es\/wp-json\/wp\/v2\/jet-popup\/19193","targetHints":{"allow":["GET"]}}],"collection":[{"href":"https:\/\/energyear.com\/es\/wp-json\/wp\/v2\/jet-popup"}],"about":[{"href":"https:\/\/energyear.com\/es\/wp-json\/wp\/v2\/types\/jet-popup"}],"author":[{"embeddable":true,"href":"https:\/\/energyear.com\/es\/wp-json\/wp\/v2\/users\/6"}],"version-history":[{"count":0,"href":"https:\/\/energyear.com\/es\/wp-json\/wp\/v2\/jet-popup\/19193\/revisions"}],"wp:attachment":[{"href":"https:\/\/energyear.com\/es\/wp-json\/wp\/v2\/media?parent=19193"}],"curies":[{"name":"wp","href":"https:\/\/api.w.org\/{rel}","templated":true}]}}